{"version":"1.0","provider_name":"Empata sztorik","provider_url":"https:\/\/empatasztorik.cafeblog.hu","author_name":"Merc\u00e9desz","author_url":"https:\/\/empatasztorik.cafeblog.hu\/author\/dy\/","title":"Haragszom r\u00e1d","html":"<p><img class=\"size-medium wp-image-92 aligncenter\" src=\"https:\/\/empatasztorik.cafeblog.hu\/files\/2018\/06\/rage-1015611_1280-300x300.jpg\" alt=\"\" width=\"300\" height=\"300\" \/><\/p>\r\n<p style=\"text-align: justify\">Haragszom r\u00e1d!<\/p>\r\n<p style=\"text-align: justify\">\u00a0<\/p>\r\n<p style=\"text-align: justify\">Iszonyatosan \u00e9s elmondhatatlanul d\u00fch\u00f6s vagyok.<\/p>\r\n<p style=\"text-align: justify\">\u00a0<\/p>\r\n<p style=\"text-align: justify\">R\u00e1vett\u00e9l arra, hogy k\u00e1romkodjak, r\u00e1ad\u00e1sul mindenki el\u0151tt. Hogy tiszteletlen legyek veled, \u00e9s hogy megb\u00e1ntsalak. Kihozt\u00e1l a sodr\u00f3mb\u00f3l, felh\u00fazt\u00e1l teljesen. M\u00e9rt tetted ezt velem?<\/p>\r\n<p style=\"text-align: justify\">Nagyon rossz \u00e9rz\u00e9s volt! Gy\u0171l\u00f6l\u00f6m magam \u00e9rte! \u00c9s haragszom r\u00e1d miatta. M\u00e9rt hozol ki bel\u0151lem olyat, ami nem \u00e9n vagyok, akiv\u00e9 gy\u0171l\u00f6l\u00f6m, ha v\u00e1lok? M\u00e9rt nem tudunk mi b\u00e9k\u00e9sen elmenni egym\u00e1s mellett?<\/p>\r\n<p style=\"text-align: justify\">\u00d6nz\u0151 vagy \u00e9s gonosz! A fejedhez v\u00e1gtam mindent, amit nem akartam, amit nem hiszek, \u00e9s amivel tudom, hogy b\u00e1nthatlak.<\/p>\r\n<p style=\"text-align: justify\">Elk\u00fcldtelek a francba, \u00e9s egy pillanatig komolyan is gondoltam.<\/p>\r\n<p style=\"text-align: justify\">Az arcodba kiab\u00e1ltam, hogy gy\u0171l\u00f6llek, ell\u00f6ktelek magamt\u00f3l, \u00e9s nem \u00e9rdekelt senki v\u00e9lem\u00e9nye. Nem \u00e9rdekelt a l\u00e1tszat, amit meg akart\u00e1l tartani, hogy ne pletyk\u00e1lhassanak. Nem \u00e9rdekelt senki, \u00e9s semmi, m\u00e9g Te sem! F\u0151leg te nem!<\/p>\r\n<p style=\"text-align: justify\">Bel\u00fcl \u00e9pp \u00f6sszeomlottam. Szavak hagyt\u00e1k el a sz\u00e1mat, amik nem az eny\u00e9mek voltak, amiknek m\u00e1r a gondolat\u00e1t is megb\u00e1ntam, miel\u0151tt kimondtam volna. De nem tehettem semmit. Mint a ny\u00e1ri zivatar, \u00fagy t\u00f6rt le r\u00e1m, t\u00f6rt ki bel\u0151lem a harag, amit fel\u00e9bresztett\u00e9l. Tiszteletlen voltam veled, \u00e9s ez nagyon f\u00e1j. De betelt a poh\u00e1r, fejedhez v\u00e1gtam a szavakat, amiket sosem tudtam neked kimondani.<\/p>\r\n<p style=\"text-align: justify\">Azt\u00e1n r\u00e1d n\u00e9ztem. El\u00e9m \u00e1llt\u00e1l, f\u00e9lve, meglepetten, oly \u00e1rtatlanul.<\/p>\r\n<p style=\"text-align: justify\">B\u00e1rmikor m\u00e1skor elsz\u00e1llt volna nyomban, minden haragom\u2026 de most nem. Most igaz\u00e1n becs\u00f6rgett\u00e9l. Most magad ellen ford\u00edtott\u00e1l. Mindent megtett\u00e9l, sz\u00f3 se r\u00f3la, mindent, ami f\u00e1j hozz\u00e1m v\u00e1gt\u00e1l, cukkolt\u00e1l, szavaiddal pofozt\u00e1l. Nem hitt\u00e9l nekem. Tal\u00e1n ez f\u00e1jt a legjobban. Hogy nem hiszel nekem. De csak mondtad \u00e9s mondtad. R\u00f6vid sz\u00fcneteid nem voltak elegek, nem tudtam elmenek\u00fclni el\u0151led. Nem hagyt\u00e1l szabadul\u00e1si lehet\u0151s\u00e9get.<\/p>\r\n<p style=\"text-align: center\">M\u00e9rt nem \u00e1llt\u00e1l le, m\u00edg k\u00e9rtelek? <br \/> M\u00e9rt nem hagytad abba? <br \/> M\u00e9rt kellett ezt el\u00e9rned?<\/p>\r\n<p style=\"text-align: justify\">Olyan tehetetlen\u00fcl \u00e1llok az \u00e9rz\u00e9seim el\u0151tt, a b\u0171ntudatom el\u0151tt. Mit tehetn\u00e9k? K\u00e9rjelek sz\u00e1mon tiszta fejjel? Mi \u00e9rtelme? Csak m\u00e9g egyszer megb\u00e1ntan\u00e1lak, ha tudn\u00e1d mit okozt\u00e1l bennem. Nem akarlak b\u00e1ntani. Soha nem akartalak b\u00e1ntani.<\/p>\r\n<p style=\"text-align: justify\">L\u00e1tom magam el\u0151tt az arcod. K\u00f6nnyeid sebes foly\u00f3k\u00e9nt folynak le, \u00e9s hullnak al\u00e1. \u00c9n csaltam \u0151ket el\u0151. \u00c9s arcod arcomban, ak\u00e1r a t\u00fck\u00f6r r\u00e1m tal\u00e1l, egy\u00fctt b\u0151ghetj\u00fck tele p\u00e1rn\u00e1inkat az este.<\/p>\r\n<p style=\"text-align: justify\">N\u00e9zd mit okoztunk. Mit csin\u00e1ltunk, \u00e9s mi\u00e9rt? Mit tanultunk ebb\u0151l?<\/p>\r\n<p style=\"text-align: justify\">\u00a0<\/p>\r\n<p style=\"text-align: justify\">F\u00e1jdalmat.<\/p>\r\n<p style=\"text-align: justify\">F\u00e1jdalmat okozni, \u00e9s f\u00e1jdalmat kapni.<\/p>\r\n<p style=\"text-align: justify\">\u00a0<\/p>\r\n<p style=\"text-align: justify\">\u00a0<\/p>\r\n<p style=\"text-align: justify\">Mondd, megtanulhatjuk egy\u00fctt elengedni?<\/p>","type":"rich","thumbnail_url":"https:\/\/empatasztorik.cafeblog.hu\/files\/2018\/06\/rage-1015611_1280-150x150.jpg","thumbnail_width":150,"thumbnail_height":150}